{"id":333,"date":"2026-04-20T23:33:55","date_gmt":"2026-04-20T21:33:55","guid":{"rendered":"https:\/\/www.rentalsardinia.com\/?page_id=333"},"modified":"2026-04-20T23:33:56","modified_gmt":"2026-04-20T21:33:56","slug":"apartman-zara-la-ciaccia","status":"publish","type":"page","link":"https:\/\/www.rentalsardinia.com\/?page_id=333","title":{"rendered":"Apartm\u00e1n Zara &#8211; La Ciaccia"},"content":{"rendered":"\n<p>Kapacita 2-4 osoby.<\/p>\n\n\n\n<p>V reziden\u010dnom komplexe s baz\u00e9nom a len 200m od pl\u00e1\u017ee sa nach\u00e1dza tento \u00fatuln\u00fd apartm\u00e1n, novo zrekon\u0161truovan\u00fd v roku 2026. V\u0161etko vybavenie je nov\u00e9 a n\u00e1jdete tu plne vybaven\u00fa kuchy\u0148a, samostatn\u00fa sp\u00e1l\u0148u, ob\u00fdva\u010dku s pohodln\u00fdm s rozkladac\u00edm gau\u010dom a mal\u00fa terasu pred vchodom. Centr\u00e1lna poloha- p\u00e1r krokov do supermarketu, re\u0161taur\u00e1cie, kaviarne, zmrzlin\u00e1rne aj k pl\u00e1\u017e\u00ed. Vlastn\u00e9 parkovacie miesto v uzavretom are\u00e1li. Mo\u017enos\u0165 neobmedzene vyu\u017e\u00edva\u0165 spolo\u010dn\u00fd baz\u00e9n v objekte, ktor\u00fd sa nach\u00e1dza len p\u00e1r krokov od apartm\u00e1nu.<\/p>\n\n\n\n<figure class=\"wp-block-gallery has-nested-images columns-default is-cropped wp-block-gallery-1 is-layout-flex wp-block-gallery-is-layout-flex\">\n<figure class=\"wp-block-image size-large\"><img loading=\"lazy\" decoding=\"async\" width=\"768\" height=\"1024\" data-id=\"346\" src=\"https:\/\/www.rentalsardinia.com\/wp-content\/uploads\/2026\/04\/PHOTO-2026-04-19-21-04-09-2-768x1024.jpg\" alt=\"\" class=\"wp-image-346\" srcset=\"https:\/\/www.rentalsardinia.com\/wp-content\/uploads\/2026\/04\/PHOTO-2026-04-19-21-04-09-2-768x1024.jpg 768w, https:\/\/www.rentalsardinia.com\/wp-content\/uploads\/2026\/04\/PHOTO-2026-04-19-21-04-09-2-225x300.jpg 225w, https:\/\/www.rentalsardinia.com\/wp-content\/uploads\/2026\/04\/PHOTO-2026-04-19-21-04-09-2-1152x1536.jpg 1152w, https:\/\/www.rentalsardinia.com\/wp-content\/uploads\/2026\/04\/PHOTO-2026-04-19-21-04-09-2.jpg 1536w\" sizes=\"(max-width: 768px) 100vw, 768px\" \/><\/figure>\n\n\n\n<figure class=\"wp-block-image size-large\"><img loading=\"lazy\" decoding=\"async\" width=\"966\" height=\"1024\" data-id=\"348\" src=\"https:\/\/www.rentalsardinia.com\/wp-content\/uploads\/2026\/04\/PHOTO-2026-04-19-21-04-09-3-966x1024.jpg\" alt=\"\" class=\"wp-image-348\" srcset=\"https:\/\/www.rentalsardinia.com\/wp-content\/uploads\/2026\/04\/PHOTO-2026-04-19-21-04-09-3-966x1024.jpg 966w, https:\/\/www.rentalsardinia.com\/wp-content\/uploads\/2026\/04\/PHOTO-2026-04-19-21-04-09-3-283x300.jpg 283w, https:\/\/www.rentalsardinia.com\/wp-content\/uploads\/2026\/04\/PHOTO-2026-04-19-21-04-09-3-768x814.jpg 768w, https:\/\/www.rentalsardinia.com\/wp-content\/uploads\/2026\/04\/PHOTO-2026-04-19-21-04-09-3-1449x1536.jpg 1449w, https:\/\/www.rentalsardinia.com\/wp-content\/uploads\/2026\/04\/PHOTO-2026-04-19-21-04-09-3.jpg 1932w\" sizes=\"(max-width: 966px) 100vw, 966px\" \/><\/figure>\n\n\n\n<figure class=\"wp-block-image size-large\"><img loading=\"lazy\" decoding=\"async\" width=\"768\" height=\"1024\" data-id=\"342\" src=\"https:\/\/www.rentalsardinia.com\/wp-content\/uploads\/2026\/04\/PHOTO-2026-04-19-21-04-09-4-768x1024.jpg\" alt=\"\" class=\"wp-image-342\" srcset=\"https:\/\/www.rentalsardinia.com\/wp-content\/uploads\/2026\/04\/PHOTO-2026-04-19-21-04-09-4-768x1024.jpg 768w, https:\/\/www.rentalsardinia.com\/wp-content\/uploads\/2026\/04\/PHOTO-2026-04-19-21-04-09-4-225x300.jpg 225w, https:\/\/www.rentalsardinia.com\/wp-content\/uploads\/2026\/04\/PHOTO-2026-04-19-21-04-09-4-1152x1536.jpg 1152w, https:\/\/www.rentalsardinia.com\/wp-content\/uploads\/2026\/04\/PHOTO-2026-04-19-21-04-09-4.jpg 1536w\" sizes=\"(max-width: 768px) 100vw, 768px\" \/><\/figure>\n\n\n\n<figure class=\"wp-block-image size-large\"><img loading=\"lazy\" decoding=\"async\" width=\"768\" height=\"1024\" data-id=\"335\" src=\"https:\/\/www.rentalsardinia.com\/wp-content\/uploads\/2026\/04\/PHOTO-2026-04-19-21-04-09-5-768x1024.jpg\" alt=\"\" class=\"wp-image-335\" srcset=\"https:\/\/www.rentalsardinia.com\/wp-content\/uploads\/2026\/04\/PHOTO-2026-04-19-21-04-09-5-768x1024.jpg 768w, https:\/\/www.rentalsardinia.com\/wp-content\/uploads\/2026\/04\/PHOTO-2026-04-19-21-04-09-5-225x300.jpg 225w, https:\/\/www.rentalsardinia.com\/wp-content\/uploads\/2026\/04\/PHOTO-2026-04-19-21-04-09-5-1152x1536.jpg 1152w, https:\/\/www.rentalsardinia.com\/wp-content\/uploads\/2026\/04\/PHOTO-2026-04-19-21-04-09-5.jpg 1536w\" sizes=\"(max-width: 768px) 100vw, 768px\" \/><\/figure>\n\n\n\n<figure class=\"wp-block-image size-large\"><img loading=\"lazy\" decoding=\"async\" width=\"768\" height=\"1024\" data-id=\"338\" src=\"https:\/\/www.rentalsardinia.com\/wp-content\/uploads\/2026\/04\/PHOTO-2026-04-19-21-04-09-6-768x1024.jpg\" alt=\"\" class=\"wp-image-338\" srcset=\"https:\/\/www.rentalsardinia.com\/wp-content\/uploads\/2026\/04\/PHOTO-2026-04-19-21-04-09-6-768x1024.jpg 768w, https:\/\/www.rentalsardinia.com\/wp-content\/uploads\/2026\/04\/PHOTO-2026-04-19-21-04-09-6-225x300.jpg 225w, https:\/\/www.rentalsardinia.com\/wp-content\/uploads\/2026\/04\/PHOTO-2026-04-19-21-04-09-6-1152x1536.jpg 1152w, https:\/\/www.rentalsardinia.com\/wp-content\/uploads\/2026\/04\/PHOTO-2026-04-19-21-04-09-6.jpg 1536w\" sizes=\"(max-width: 768px) 100vw, 768px\" \/><\/figure>\n\n\n\n<figure class=\"wp-block-image size-large\"><img loading=\"lazy\" decoding=\"async\" width=\"768\" height=\"1024\" data-id=\"343\" src=\"https:\/\/www.rentalsardinia.com\/wp-content\/uploads\/2026\/04\/PHOTO-2026-04-19-21-04-09-7-768x1024.jpg\" alt=\"\" class=\"wp-image-343\" srcset=\"https:\/\/www.rentalsardinia.com\/wp-content\/uploads\/2026\/04\/PHOTO-2026-04-19-21-04-09-7-768x1024.jpg 768w, https:\/\/www.rentalsardinia.com\/wp-content\/uploads\/2026\/04\/PHOTO-2026-04-19-21-04-09-7-225x300.jpg 225w, https:\/\/www.rentalsardinia.com\/wp-content\/uploads\/2026\/04\/PHOTO-2026-04-19-21-04-09-7-1152x1536.jpg 1152w, https:\/\/www.rentalsardinia.com\/wp-content\/uploads\/2026\/04\/PHOTO-2026-04-19-21-04-09-7.jpg 1536w\" sizes=\"(max-width: 768px) 100vw, 768px\" \/><\/figure>\n\n\n\n<figure class=\"wp-block-image size-large\"><img loading=\"lazy\" decoding=\"async\" width=\"768\" height=\"1024\" data-id=\"347\" src=\"https:\/\/www.rentalsardinia.com\/wp-content\/uploads\/2026\/04\/PHOTO-2026-04-19-21-04-09-768x1024.jpg\" alt=\"\" class=\"wp-image-347\" srcset=\"https:\/\/www.rentalsardinia.com\/wp-content\/uploads\/2026\/04\/PHOTO-2026-04-19-21-04-09-768x1024.jpg 768w, https:\/\/www.rentalsardinia.com\/wp-content\/uploads\/2026\/04\/PHOTO-2026-04-19-21-04-09-225x300.jpg 225w, https:\/\/www.rentalsardinia.com\/wp-content\/uploads\/2026\/04\/PHOTO-2026-04-19-21-04-09-1152x1536.jpg 1152w, https:\/\/www.rentalsardinia.com\/wp-content\/uploads\/2026\/04\/PHOTO-2026-04-19-21-04-09.jpg 1536w\" sizes=\"(max-width: 768px) 100vw, 768px\" \/><\/figure>\n\n\n\n<figure class=\"wp-block-image size-large\"><img loading=\"lazy\" decoding=\"async\" width=\"768\" height=\"1024\" data-id=\"339\" src=\"https:\/\/www.rentalsardinia.com\/wp-content\/uploads\/2026\/04\/PHOTO-2026-04-19-21-04-10-2-768x1024.jpg\" alt=\"\" class=\"wp-image-339\" srcset=\"https:\/\/www.rentalsardinia.com\/wp-content\/uploads\/2026\/04\/PHOTO-2026-04-19-21-04-10-2-768x1024.jpg 768w, https:\/\/www.rentalsardinia.com\/wp-content\/uploads\/2026\/04\/PHOTO-2026-04-19-21-04-10-2-225x300.jpg 225w, https:\/\/www.rentalsardinia.com\/wp-content\/uploads\/2026\/04\/PHOTO-2026-04-19-21-04-10-2-1152x1536.jpg 1152w, https:\/\/www.rentalsardinia.com\/wp-content\/uploads\/2026\/04\/PHOTO-2026-04-19-21-04-10-2.jpg 1536w\" sizes=\"(max-width: 768px) 100vw, 768px\" \/><\/figure>\n\n\n\n<figure class=\"wp-block-image size-large\"><img loading=\"lazy\" decoding=\"async\" width=\"1024\" height=\"768\" data-id=\"334\" src=\"https:\/\/www.rentalsardinia.com\/wp-content\/uploads\/2026\/04\/PHOTO-2026-04-19-21-04-10-3-1024x768.jpg\" alt=\"\" class=\"wp-image-334\" srcset=\"https:\/\/www.rentalsardinia.com\/wp-content\/uploads\/2026\/04\/PHOTO-2026-04-19-21-04-10-3-1024x768.jpg 1024w, https:\/\/www.rentalsardinia.com\/wp-content\/uploads\/2026\/04\/PHOTO-2026-04-19-21-04-10-3-300x225.jpg 300w, https:\/\/www.rentalsardinia.com\/wp-content\/uploads\/2026\/04\/PHOTO-2026-04-19-21-04-10-3-768x576.jpg 768w, https:\/\/www.rentalsardinia.com\/wp-content\/uploads\/2026\/04\/PHOTO-2026-04-19-21-04-10-3-1536x1152.jpg 1536w, https:\/\/www.rentalsardinia.com\/wp-content\/uploads\/2026\/04\/PHOTO-2026-04-19-21-04-10-3.jpg 2048w\" sizes=\"(max-width: 1024px) 100vw, 1024px\" \/><\/figure>\n\n\n\n<figure class=\"wp-block-image size-large\"><img loading=\"lazy\" decoding=\"async\" width=\"1024\" height=\"768\" data-id=\"337\" src=\"https:\/\/www.rentalsardinia.com\/wp-content\/uploads\/2026\/04\/PHOTO-2026-04-19-21-04-10-4-1024x768.jpg\" alt=\"\" class=\"wp-image-337\" srcset=\"https:\/\/www.rentalsardinia.com\/wp-content\/uploads\/2026\/04\/PHOTO-2026-04-19-21-04-10-4-1024x768.jpg 1024w, https:\/\/www.rentalsardinia.com\/wp-content\/uploads\/2026\/04\/PHOTO-2026-04-19-21-04-10-4-300x225.jpg 300w, https:\/\/www.rentalsardinia.com\/wp-content\/uploads\/2026\/04\/PHOTO-2026-04-19-21-04-10-4-768x576.jpg 768w, https:\/\/www.rentalsardinia.com\/wp-content\/uploads\/2026\/04\/PHOTO-2026-04-19-21-04-10-4-1536x1152.jpg 1536w, https:\/\/www.rentalsardinia.com\/wp-content\/uploads\/2026\/04\/PHOTO-2026-04-19-21-04-10-4.jpg 2048w\" sizes=\"(max-width: 1024px) 100vw, 1024px\" \/><\/figure>\n\n\n\n<figure class=\"wp-block-image size-large\"><img loading=\"lazy\" decoding=\"async\" width=\"768\" height=\"1024\" data-id=\"345\" src=\"https:\/\/www.rentalsardinia.com\/wp-content\/uploads\/2026\/04\/PHOTO-2026-04-19-21-04-10-5-768x1024.jpg\" alt=\"\" class=\"wp-image-345\" srcset=\"https:\/\/www.rentalsardinia.com\/wp-content\/uploads\/2026\/04\/PHOTO-2026-04-19-21-04-10-5-768x1024.jpg 768w, https:\/\/www.rentalsardinia.com\/wp-content\/uploads\/2026\/04\/PHOTO-2026-04-19-21-04-10-5-225x300.jpg 225w, https:\/\/www.rentalsardinia.com\/wp-content\/uploads\/2026\/04\/PHOTO-2026-04-19-21-04-10-5-1152x1536.jpg 1152w, https:\/\/www.rentalsardinia.com\/wp-content\/uploads\/2026\/04\/PHOTO-2026-04-19-21-04-10-5.jpg 1536w\" sizes=\"(max-width: 768px) 100vw, 768px\" \/><\/figure>\n\n\n\n<figure class=\"wp-block-image size-large\"><img loading=\"lazy\" decoding=\"async\" width=\"768\" height=\"1024\" data-id=\"336\" src=\"https:\/\/www.rentalsardinia.com\/wp-content\/uploads\/2026\/04\/PHOTO-2026-04-19-21-04-10-6-768x1024.jpg\" alt=\"\" class=\"wp-image-336\" srcset=\"https:\/\/www.rentalsardinia.com\/wp-content\/uploads\/2026\/04\/PHOTO-2026-04-19-21-04-10-6-768x1024.jpg 768w, https:\/\/www.rentalsardinia.com\/wp-content\/uploads\/2026\/04\/PHOTO-2026-04-19-21-04-10-6-225x300.jpg 225w, https:\/\/www.rentalsardinia.com\/wp-content\/uploads\/2026\/04\/PHOTO-2026-04-19-21-04-10-6-1152x1536.jpg 1152w, https:\/\/www.rentalsardinia.com\/wp-content\/uploads\/2026\/04\/PHOTO-2026-04-19-21-04-10-6.jpg 1536w\" sizes=\"(max-width: 768px) 100vw, 768px\" \/><\/figure>\n\n\n\n<figure class=\"wp-block-image size-large\"><img loading=\"lazy\" decoding=\"async\" width=\"768\" height=\"1024\" data-id=\"341\" src=\"https:\/\/www.rentalsardinia.com\/wp-content\/uploads\/2026\/04\/PHOTO-2026-04-19-21-04-10-7-768x1024.jpg\" alt=\"\" class=\"wp-image-341\" srcset=\"https:\/\/www.rentalsardinia.com\/wp-content\/uploads\/2026\/04\/PHOTO-2026-04-19-21-04-10-7-768x1024.jpg 768w, https:\/\/www.rentalsardinia.com\/wp-content\/uploads\/2026\/04\/PHOTO-2026-04-19-21-04-10-7-225x300.jpg 225w, https:\/\/www.rentalsardinia.com\/wp-content\/uploads\/2026\/04\/PHOTO-2026-04-19-21-04-10-7-1152x1536.jpg 1152w, https:\/\/www.rentalsardinia.com\/wp-content\/uploads\/2026\/04\/PHOTO-2026-04-19-21-04-10-7.jpg 1536w\" sizes=\"(max-width: 768px) 100vw, 768px\" \/><\/figure>\n\n\n\n<figure class=\"wp-block-image size-large\"><img loading=\"lazy\" decoding=\"async\" width=\"768\" height=\"1024\" data-id=\"344\" src=\"https:\/\/www.rentalsardinia.com\/wp-content\/uploads\/2026\/04\/PHOTO-2026-04-19-21-04-10-8-768x1024.jpg\" alt=\"\" class=\"wp-image-344\" srcset=\"https:\/\/www.rentalsardinia.com\/wp-content\/uploads\/2026\/04\/PHOTO-2026-04-19-21-04-10-8-768x1024.jpg 768w, https:\/\/www.rentalsardinia.com\/wp-content\/uploads\/2026\/04\/PHOTO-2026-04-19-21-04-10-8-225x300.jpg 225w, https:\/\/www.rentalsardinia.com\/wp-content\/uploads\/2026\/04\/PHOTO-2026-04-19-21-04-10-8-1152x1536.jpg 1152w, https:\/\/www.rentalsardinia.com\/wp-content\/uploads\/2026\/04\/PHOTO-2026-04-19-21-04-10-8.jpg 1536w\" sizes=\"(max-width: 768px) 100vw, 768px\" \/><\/figure>\n\n\n\n<figure class=\"wp-block-image size-large\"><img loading=\"lazy\" decoding=\"async\" width=\"1024\" height=\"768\" data-id=\"340\" src=\"https:\/\/www.rentalsardinia.com\/wp-content\/uploads\/2026\/04\/PHOTO-2026-04-19-21-04-10-1024x768.jpg\" alt=\"\" class=\"wp-image-340\" srcset=\"https:\/\/www.rentalsardinia.com\/wp-content\/uploads\/2026\/04\/PHOTO-2026-04-19-21-04-10-1024x768.jpg 1024w, https:\/\/www.rentalsardinia.com\/wp-content\/uploads\/2026\/04\/PHOTO-2026-04-19-21-04-10-300x225.jpg 300w, https:\/\/www.rentalsardinia.com\/wp-content\/uploads\/2026\/04\/PHOTO-2026-04-19-21-04-10-768x576.jpg 768w, https:\/\/www.rentalsardinia.com\/wp-content\/uploads\/2026\/04\/PHOTO-2026-04-19-21-04-10-1536x1152.jpg 1536w, https:\/\/www.rentalsardinia.com\/wp-content\/uploads\/2026\/04\/PHOTO-2026-04-19-21-04-10.jpg 2048w\" sizes=\"(max-width: 1024px) 100vw, 1024px\" \/><\/figure>\n<\/figure>\n\n\n\n<h2 class=\"wp-block-heading\">Cenn\u00edk ubytovania<\/h2>\n\n\n\n<p>Cena je kompletn\u00e1 vr\u00e1tane v\u0161etk\u00fdch poplatkov: upratovanie, da\u0148, posteln\u00e9 pr\u00e1dlo<\/p>\n\n\n\n<figure class=\"wp-block-table\"><table><tbody><tr><td>Top sez\u00f3na 20.7 \u2013 20.8.<\/td><td>Teplota 32\u00b0 more 26\u00b0<\/td><td>900 \u20ac \/ t\u00fd\u017ede\u0148<\/td><\/tr><tr><td>Hlavn\u00e1 sez\u00f3na 1.7. \u2013 19.7. a 21.8 \u2013 10.9<\/td><td>Teplota 30\u00b0 more 25\u00b0<\/td><td>800 \u20ac \/ t\u00fd\u017ede\u0148<\/td><\/tr><tr><td>Za\u010diatok leta a koniec leta 1.6 \u2013 30.6 a 10.9 \u2013 30.9<\/td><td>Teplota 25\u00b0 more 23\u00b0<\/td><td>600\u20ac\u00a0\/ t\u00fd\u017ede\u0148<\/td><\/tr><tr><td>Skor\u00e9 leto a skor\u00e1 jese\u0148 1.5 \u2013 31.5 a 1.10 \u2013 31.10<\/td><td>Teplota 21\u00b0 more 20\u00b0<\/td><td>500\u20ac\u00a0\/ t\u00fd\u017ede\u0148<\/td><\/tr><tr><td>Jese\u0148 a jar 1.11 \u2013 31.11 a 1.3 \u2013 31.4<\/td><td>Teplota 18\u00b0 more 18\u00b0<\/td><td>350\u20ac\u00a0\/ t\u00fd\u017ede\u0148<\/td><\/tr><tr><td>Zima 1.12 \u2013 28.2. s v\u00fdnimkou Vianoce a Silvester individu\u00e1lna dohoda<\/td><td>Teplota 15\u00b0 more 16\u00b0<\/td><td>350\u20ac \/ t\u00fd\u017ede\u0148<\/td><\/tr><\/tbody><\/table><\/figure>\n\n\n\n<p><\/p>\n","protected":false},"excerpt":{"rendered":"<p>Kapacita 2-4 osoby. V reziden\u010dnom komplexe s baz\u00e9nom a len 200m od pl\u00e1\u017ee sa nach\u00e1dza tento \u00fatuln\u00fd apartm\u00e1n, novo zrekon\u0161truovan\u00fd v roku 2026. V\u0161etko vybavenie je nov\u00e9 a n\u00e1jdete tu plne vybaven\u00fa kuchy\u0148a, samostatn\u00fa sp\u00e1l\u0148u, ob\u00fdva\u010dku s pohodln\u00fdm s rozkladac\u00edm gau\u010dom a mal\u00fa terasu pred vchodom. Centr\u00e1lna poloha- p\u00e1r krokov do supermarketu, re\u0161taur\u00e1cie, kaviarne, zmrzlin\u00e1rne [&hellip;]<\/p>\n","protected":false},"author":1,"featured_media":0,"parent":0,"menu_order":0,"comment_status":"closed","ping_status":"closed","template":"","meta":{"_monsterinsights_skip_tracking":false,"footnotes":""},"yoast_head":"<!-- This site is optimized with the Yoast SEO plugin v22.3 - https:\/\/yoast.com\/wordpress\/plugins\/seo\/ -->\n<title>Apartm\u00e1n Zara - La Ciaccia - Rental Sardinia<\/title>\n<meta name=\"robots\" content=\"index, follow, max-snippet:-1, max-image-preview:large, max-video-preview:-1\" \/>\n<link rel=\"canonical\" href=\"https:\/\/www.rentalsardinia.com\/?page_id=333\" \/>\n<meta property=\"og:locale\" content=\"sk_SK\" \/>\n<meta property=\"og:type\" content=\"article\" \/>\n<meta property=\"og:title\" content=\"Apartm\u00e1n Zara - La Ciaccia - Rental Sardinia\" \/>\n<meta property=\"og:description\" content=\"Kapacita 2-4 osoby. V reziden\u010dnom komplexe s baz\u00e9nom a len 200m od pl\u00e1\u017ee sa nach\u00e1dza tento \u00fatuln\u00fd apartm\u00e1n, novo zrekon\u0161truovan\u00fd v roku 2026. V\u0161etko vybavenie je nov\u00e9 a n\u00e1jdete tu plne vybaven\u00fa kuchy\u0148a, samostatn\u00fa sp\u00e1l\u0148u, ob\u00fdva\u010dku s pohodln\u00fdm s rozkladac\u00edm gau\u010dom a mal\u00fa terasu pred vchodom. Centr\u00e1lna poloha- p\u00e1r krokov do supermarketu, re\u0161taur\u00e1cie, kaviarne, zmrzlin\u00e1rne [&hellip;]\" \/>\n<meta property=\"og:url\" content=\"https:\/\/www.rentalsardinia.com\/?page_id=333\" \/>\n<meta property=\"og:site_name\" content=\"Rental Sardinia\" \/>\n<meta property=\"article:modified_time\" content=\"2026-04-20T21:33:56+00:00\" \/>\n<meta property=\"og:image\" content=\"https:\/\/www.rentalsardinia.com\/wp-content\/uploads\/2026\/04\/PHOTO-2026-04-19-21-04-09-2-768x1024.jpg\" \/>\n<meta name=\"twitter:card\" content=\"summary_large_image\" \/>\n<meta name=\"twitter:label1\" content=\"Predpokladan\u00fd \u010das \u010d\u00edtania\" \/>\n\t<meta name=\"twitter:data1\" content=\"5 min\u00fat\" \/>\n<script type=\"application\/ld+json\" class=\"yoast-schema-graph\">{\"@context\":\"https:\/\/schema.org\",\"@graph\":[{\"@type\":\"WebPage\",\"@id\":\"https:\/\/www.rentalsardinia.com\/?page_id=333\",\"url\":\"https:\/\/www.rentalsardinia.com\/?page_id=333\",\"name\":\"Apartm\u00e1n Zara - La Ciaccia - Rental Sardinia\",\"isPartOf\":{\"@id\":\"https:\/\/www.rentalsardinia.com\/#website\"},\"primaryImageOfPage\":{\"@id\":\"https:\/\/www.rentalsardinia.com\/?page_id=333#primaryimage\"},\"image\":{\"@id\":\"https:\/\/www.rentalsardinia.com\/?page_id=333#primaryimage\"},\"thumbnailUrl\":\"https:\/\/www.rentalsardinia.com\/wp-content\/uploads\/2026\/04\/PHOTO-2026-04-19-21-04-09-2-768x1024.jpg\",\"datePublished\":\"2026-04-20T21:33:55+00:00\",\"dateModified\":\"2026-04-20T21:33:56+00:00\",\"breadcrumb\":{\"@id\":\"https:\/\/www.rentalsardinia.com\/?page_id=333#breadcrumb\"},\"inLanguage\":\"sk-SK\",\"potentialAction\":[{\"@type\":\"ReadAction\",\"target\":[\"https:\/\/www.rentalsardinia.com\/?page_id=333\"]}]},{\"@type\":\"ImageObject\",\"inLanguage\":\"sk-SK\",\"@id\":\"https:\/\/www.rentalsardinia.com\/?page_id=333#primaryimage\",\"url\":\"https:\/\/www.rentalsardinia.com\/wp-content\/uploads\/2026\/04\/PHOTO-2026-04-19-21-04-09-2.jpg\",\"contentUrl\":\"https:\/\/www.rentalsardinia.com\/wp-content\/uploads\/2026\/04\/PHOTO-2026-04-19-21-04-09-2.jpg\",\"width\":1536,\"height\":2048},{\"@type\":\"BreadcrumbList\",\"@id\":\"https:\/\/www.rentalsardinia.com\/?page_id=333#breadcrumb\",\"itemListElement\":[{\"@type\":\"ListItem\",\"position\":1,\"name\":\"Home\",\"item\":\"https:\/\/www.rentalsardinia.com\/\"},{\"@type\":\"ListItem\",\"position\":2,\"name\":\"Apartm\u00e1n Zara &#8211; La Ciaccia\"}]},{\"@type\":\"WebSite\",\"@id\":\"https:\/\/www.rentalsardinia.com\/#website\",\"url\":\"https:\/\/www.rentalsardinia.com\/\",\"name\":\"Rental Sardinia\",\"description\":\"\",\"potentialAction\":[{\"@type\":\"SearchAction\",\"target\":{\"@type\":\"EntryPoint\",\"urlTemplate\":\"https:\/\/www.rentalsardinia.com\/?s={search_term_string}\"},\"query-input\":\"required name=search_term_string\"}],\"inLanguage\":\"sk-SK\"}]}<\/script>\n<!-- \/ Yoast SEO plugin. -->","yoast_head_json":{"title":"Apartm\u00e1n Zara - La Ciaccia - Rental Sardinia","robots":{"index":"index","follow":"follow","max-snippet":"max-snippet:-1","max-image-preview":"max-image-preview:large","max-video-preview":"max-video-preview:-1"},"canonical":"https:\/\/www.rentalsardinia.com\/?page_id=333","og_locale":"sk_SK","og_type":"article","og_title":"Apartm\u00e1n Zara - La Ciaccia - Rental Sardinia","og_description":"Kapacita 2-4 osoby. V reziden\u010dnom komplexe s baz\u00e9nom a len 200m od pl\u00e1\u017ee sa nach\u00e1dza tento \u00fatuln\u00fd apartm\u00e1n, novo zrekon\u0161truovan\u00fd v roku 2026. V\u0161etko vybavenie je nov\u00e9 a n\u00e1jdete tu plne vybaven\u00fa kuchy\u0148a, samostatn\u00fa sp\u00e1l\u0148u, ob\u00fdva\u010dku s pohodln\u00fdm s rozkladac\u00edm gau\u010dom a mal\u00fa terasu pred vchodom. Centr\u00e1lna poloha- p\u00e1r krokov do supermarketu, re\u0161taur\u00e1cie, kaviarne, zmrzlin\u00e1rne [&hellip;]","og_url":"https:\/\/www.rentalsardinia.com\/?page_id=333","og_site_name":"Rental Sardinia","article_modified_time":"2026-04-20T21:33:56+00:00","og_image":[{"url":"https:\/\/www.rentalsardinia.com\/wp-content\/uploads\/2026\/04\/PHOTO-2026-04-19-21-04-09-2-768x1024.jpg"}],"twitter_card":"summary_large_image","twitter_misc":{"Predpokladan\u00fd \u010das \u010d\u00edtania":"5 min\u00fat"},"schema":{"@context":"https:\/\/schema.org","@graph":[{"@type":"WebPage","@id":"https:\/\/www.rentalsardinia.com\/?page_id=333","url":"https:\/\/www.rentalsardinia.com\/?page_id=333","name":"Apartm\u00e1n Zara - La Ciaccia - Rental Sardinia","isPartOf":{"@id":"https:\/\/www.rentalsardinia.com\/#website"},"primaryImageOfPage":{"@id":"https:\/\/www.rentalsardinia.com\/?page_id=333#primaryimage"},"image":{"@id":"https:\/\/www.rentalsardinia.com\/?page_id=333#primaryimage"},"thumbnailUrl":"https:\/\/www.rentalsardinia.com\/wp-content\/uploads\/2026\/04\/PHOTO-2026-04-19-21-04-09-2-768x1024.jpg","datePublished":"2026-04-20T21:33:55+00:00","dateModified":"2026-04-20T21:33:56+00:00","breadcrumb":{"@id":"https:\/\/www.rentalsardinia.com\/?page_id=333#breadcrumb"},"inLanguage":"sk-SK","potentialAction":[{"@type":"ReadAction","target":["https:\/\/www.rentalsardinia.com\/?page_id=333"]}]},{"@type":"ImageObject","inLanguage":"sk-SK","@id":"https:\/\/www.rentalsardinia.com\/?page_id=333#primaryimage","url":"https:\/\/www.rentalsardinia.com\/wp-content\/uploads\/2026\/04\/PHOTO-2026-04-19-21-04-09-2.jpg","contentUrl":"https:\/\/www.rentalsardinia.com\/wp-content\/uploads\/2026\/04\/PHOTO-2026-04-19-21-04-09-2.jpg","width":1536,"height":2048},{"@type":"BreadcrumbList","@id":"https:\/\/www.rentalsardinia.com\/?page_id=333#breadcrumb","itemListElement":[{"@type":"ListItem","position":1,"name":"Home","item":"https:\/\/www.rentalsardinia.com\/"},{"@type":"ListItem","position":2,"name":"Apartm\u00e1n Zara &#8211; La Ciaccia"}]},{"@type":"WebSite","@id":"https:\/\/www.rentalsardinia.com\/#website","url":"https:\/\/www.rentalsardinia.com\/","name":"Rental Sardinia","description":"","potentialAction":[{"@type":"SearchAction","target":{"@type":"EntryPoint","urlTemplate":"https:\/\/www.rentalsardinia.com\/?s={search_term_string}"},"query-input":"required name=search_term_string"}],"inLanguage":"sk-SK"}]}},"_links":{"self":[{"href":"https:\/\/www.rentalsardinia.com\/index.php?rest_route=\/wp\/v2\/pages\/333"}],"collection":[{"href":"https:\/\/www.rentalsardinia.com\/index.php?rest_route=\/wp\/v2\/pages"}],"about":[{"href":"https:\/\/www.rentalsardinia.com\/index.php?rest_route=\/wp\/v2\/types\/page"}],"author":[{"embeddable":true,"href":"https:\/\/www.rentalsardinia.com\/index.php?rest_route=\/wp\/v2\/users\/1"}],"replies":[{"embeddable":true,"href":"https:\/\/www.rentalsardinia.com\/index.php?rest_route=%2Fwp%2Fv2%2Fcomments&post=333"}],"version-history":[{"count":1,"href":"https:\/\/www.rentalsardinia.com\/index.php?rest_route=\/wp\/v2\/pages\/333\/revisions"}],"predecessor-version":[{"id":349,"href":"https:\/\/www.rentalsardinia.com\/index.php?rest_route=\/wp\/v2\/pages\/333\/revisions\/349"}],"wp:attachment":[{"href":"https:\/\/www.rentalsardinia.com\/index.php?rest_route=%2Fwp%2Fv2%2Fmedia&parent=333"}],"curies":[{"name":"wp","href":"https:\/\/api.w.org\/{rel}","templated":true}]}}