{"id":32,"date":"2024-05-05T18:17:55","date_gmt":"2024-05-05T16:17:55","guid":{"rendered":"https:\/\/www.rentalsardinia.com\/?page_id=32"},"modified":"2025-04-28T23:46:34","modified_gmt":"2025-04-28T21:46:34","slug":"casa-mila-la-ciaccia","status":"publish","type":"page","link":"https:\/\/www.rentalsardinia.com\/?page_id=32","title":{"rendered":"CASA MILA &#8211; LA CIACCIA"},"content":{"rendered":"\n<p>Kapacita max. 7 os\u00f4b: jedna man\u017eelsk\u00e1 poste\u013e, p\u00e4\u0165 jednol\u00f4\u017eok<\/p>\n\n\n\n<p>Radov\u00fd dom\u010dek 120 metrov od mora v tichej slepej ulici v  dedinke La Ciaccia s miestom na spanie pre max. 7 os\u00f4b. Dom\u010dek m\u00e1 jednu man\u017eelsk\u00fa sp\u00e1l\u0148u s v\u00fdchodom na ve\u013ek\u00fa terasu s \u010diasto\u010dn\u00fdm v\u00fdh\u013eadom na more a z\u00e1padnou orient\u00e1ciou, \u010fal\u0161iu samostatn\u00fa mal\u00fa izbu s dvoma l\u00f4\u017ekami, ob\u00fdvaciu izbu spojen\u00fa s kuchy\u0148ou a otvoren\u00fa gal\u00e9riu na poschod\u00ed s troma miestami na spanie.  V hlavnej sp\u00e1lni a ob\u00fdva\u010dke s kuchy\u0148ou sa nach\u00e1dza aj klimatiz\u00e1cia. V pe\u0161ej dostupnosti pieskov\u00e1 pl\u00e1\u017e, supermarket, re\u0161taur\u00e1cia, kaviare\u0148 a trafika.&nbsp;Dedinka La Ciaccia je v lete vyh\u013ead\u00e1van\u00e1 turistami a pon\u00faka ve\u013emi strategick\u00fa polohu pre objavovanie ne\u010falek\u00fdch historick\u00fdch miest, bielych pieso\u010dnat\u00fdch pl\u00e1\u017e\u00ed, pre \u0161portov\u00e9 aktivity \u010d\u00ed n\u00e1v\u0161tevu agriturismo.&nbsp;<\/p>\n\n\n\n<figure class=\"wp-block-gallery has-nested-images columns-default is-cropped wp-block-gallery-1 is-layout-flex wp-block-gallery-is-layout-flex\">\n<figure class=\"wp-block-image size-large\"><img decoding=\"async\" data-id=\"1465\" src=\"https:\/\/www.zivotprimori.sk\/wp-content\/uploads\/2024\/07\/PHOTO-2024-07-05-18-08-04-768x1024.jpg\" alt=\"\" class=\"wp-image-1465\"\/><\/figure>\n\n\n\n<figure class=\"wp-block-image size-large\"><img decoding=\"async\" data-id=\"1467\" src=\"https:\/\/www.zivotprimori.sk\/wp-content\/uploads\/2024\/07\/PHOTO-2024-07-03-16-30-21-4-768x1024.jpg\" alt=\"\" class=\"wp-image-1467\"\/><\/figure>\n\n\n\n<figure class=\"wp-block-image size-large\"><img decoding=\"async\" data-id=\"1462\" src=\"https:\/\/www.zivotprimori.sk\/wp-content\/uploads\/2024\/07\/PHOTO-2024-07-03-20-25-01-3-768x1024.jpg\" alt=\"\" class=\"wp-image-1462\"\/><\/figure>\n\n\n\n<figure class=\"wp-block-image size-large\"><img decoding=\"async\" data-id=\"1463\" src=\"https:\/\/www.zivotprimori.sk\/wp-content\/uploads\/2024\/07\/PHOTO-2024-07-03-16-30-21-2-768x1024.jpg\" alt=\"\" class=\"wp-image-1463\"\/><\/figure>\n\n\n\n<figure class=\"wp-block-image size-large\"><img decoding=\"async\" data-id=\"1473\" src=\"https:\/\/www.zivotprimori.sk\/wp-content\/uploads\/2024\/07\/PHOTO-2024-07-03-12-09-32-768x1024.jpg\" alt=\"\" class=\"wp-image-1473\"\/><\/figure>\n\n\n\n<figure class=\"wp-block-image size-large\"><img decoding=\"async\" data-id=\"1475\" src=\"https:\/\/www.zivotprimori.sk\/wp-content\/uploads\/2024\/07\/PHOTO-2024-07-03-12-09-48-768x1024.jpg\" alt=\"\" class=\"wp-image-1475\"\/><\/figure>\n\n\n\n<figure class=\"wp-block-image size-large\"><img decoding=\"async\" data-id=\"1464\" src=\"https:\/\/www.zivotprimori.sk\/wp-content\/uploads\/2024\/07\/PHOTO-2024-07-03-16-30-21-768x1024.jpg\" alt=\"\" class=\"wp-image-1464\"\/><\/figure>\n\n\n\n<figure class=\"wp-block-image size-large\"><img decoding=\"async\" data-id=\"1468\" src=\"https:\/\/www.zivotprimori.sk\/wp-content\/uploads\/2024\/07\/PHOTO-2024-07-03-16-30-22-768x1024.jpg\" alt=\"\" class=\"wp-image-1468\"\/><\/figure>\n\n\n\n<figure class=\"wp-block-image size-large\"><img decoding=\"async\" data-id=\"1469\" src=\"https:\/\/www.zivotprimori.sk\/wp-content\/uploads\/2024\/07\/PHOTO-2024-07-03-16-30-21-3-1024x768.jpg\" alt=\"\" class=\"wp-image-1469\"\/><\/figure>\n\n\n\n<figure class=\"wp-block-image size-large\"><img decoding=\"async\" data-id=\"1456\" src=\"https:\/\/www.zivotprimori.sk\/wp-content\/uploads\/2024\/07\/PHOTO-2024-07-03-16-29-59-768x1024.jpg\" alt=\"\" class=\"wp-image-1456\"\/><\/figure>\n\n\n\n<figure class=\"wp-block-image size-large\"><img decoding=\"async\" data-id=\"1459\" src=\"https:\/\/www.zivotprimori.sk\/wp-content\/uploads\/2024\/07\/PHOTO-2024-07-03-20-25-00-1024x768.jpg\" alt=\"\" class=\"wp-image-1459\"\/><\/figure>\n\n\n\n<figure class=\"wp-block-image size-large\"><img decoding=\"async\" data-id=\"1457\" src=\"https:\/\/www.zivotprimori.sk\/wp-content\/uploads\/2024\/07\/PHOTO-2024-07-03-20-25-01-2-768x1024.jpg\" alt=\"\" class=\"wp-image-1457\"\/><\/figure>\n\n\n\n<figure class=\"wp-block-image size-large\"><img loading=\"lazy\" decoding=\"async\" width=\"768\" height=\"1024\" data-id=\"221\" src=\"https:\/\/www.rentalsardinia.com\/wp-content\/uploads\/2025\/04\/PHOTO-2025-04-16-20-27-20-768x1024.jpg\" alt=\"\" class=\"wp-image-221\" srcset=\"https:\/\/www.rentalsardinia.com\/wp-content\/uploads\/2025\/04\/PHOTO-2025-04-16-20-27-20-768x1024.jpg 768w, https:\/\/www.rentalsardinia.com\/wp-content\/uploads\/2025\/04\/PHOTO-2025-04-16-20-27-20-225x300.jpg 225w, https:\/\/www.rentalsardinia.com\/wp-content\/uploads\/2025\/04\/PHOTO-2025-04-16-20-27-20-1152x1536.jpg 1152w, https:\/\/www.rentalsardinia.com\/wp-content\/uploads\/2025\/04\/PHOTO-2025-04-16-20-27-20.jpg 1200w\" sizes=\"(max-width: 768px) 100vw, 768px\" \/><\/figure>\n\n\n\n<figure class=\"wp-block-image size-large\"><img decoding=\"async\" data-id=\"1472\" src=\"https:\/\/www.zivotprimori.sk\/wp-content\/uploads\/2024\/07\/PHOTO-2024-07-03-11-55-16-768x1024.jpg\" alt=\"\" class=\"wp-image-1472\"\/><\/figure>\n\n\n\n<figure class=\"wp-block-image size-large\"><img decoding=\"async\" data-id=\"1461\" src=\"https:\/\/www.zivotprimori.sk\/wp-content\/uploads\/2024\/07\/PHOTO-2024-07-03-20-25-01-5-1024x767.jpg\" alt=\"\" class=\"wp-image-1461\"\/><\/figure>\n<\/figure>\n\n\n\n<p><strong>CENN\u00cdK UBYTOVANIA<\/strong><\/p>\n\n\n\n<figure class=\"wp-block-table\"><table><tbody><tr><td>Top sez\u00f3na 20.7 \u2013 20.8.<\/td><td>Teplota 32\u00b0 more 26\u00b0<\/td><td>1400 \u20ac \/ t\u00fd\u017ede\u0148<\/td><\/tr><tr><td>Hlavn\u00e1 sez\u00f3na 1.7. \u2013 19.7. a 21.8 \u2013 10.9<\/td><td>Teplota 30\u00b0 more 25\u00b0<\/td><td>1260 \u20ac \/ t\u00fd\u017ede\u0148<\/td><\/tr><tr><td>Za\u010diatok leta a koniec leta 1.6 \u2013 30.6 a 10.9 \u2013 30.9<\/td><td>Teplota 25\u00b0 more 23\u00b0<\/td><td>1155\u20ac&nbsp;\/ t\u00fd\u017ede\u0148<\/td><\/tr><tr><td>Skor\u00e9 leto a skor\u00e1 jese\u0148 1.5 \u2013 31.5 a 1.10 \u2013 31.10<\/td><td>Teplota 21\u00b0 more 20\u00b0<\/td><td>910\u20ac&nbsp;\/ t\u00fd\u017ede\u0148<\/td><\/tr><tr><td>Jese\u0148 a jar 1.11 \u2013 31.11 a 1.3 \u2013 31.4<\/td><td>Teplota 18\u00b0 more 18\u00b0<\/td><td>805\u20ac&nbsp;\/ t\u00fd\u017ede\u0148<\/td><\/tr><tr><td>Zima 1.12 \u2013 28.2. s v\u00fdnimkou Vianoce a Silvester individu\u00e1lna dohoda<\/td><td>Teplota 15\u00b0 more 16\u00b0<\/td><td>595\u20ac \/ t\u00fd\u017ede\u0148 *<\/td><\/tr><\/tbody><\/table><\/figure>\n\n\n\n<p><\/p>\n\n\n\n<p>Cena je kompletn\u00e1 vr\u00e1tane v\u0161etk\u00fdch poplatkov: upratovanie, da\u0148, posteln\u00e9 pr\u00e1dlo<\/p>\n\n\n\n<p>* k cene sa prir\u00e1tava spotreba energie za pobyt (plat\u00ed len na zimu)<\/p>\n","protected":false},"excerpt":{"rendered":"<p>Kapacita max. 7 os\u00f4b: jedna man\u017eelsk\u00e1 poste\u013e, p\u00e4\u0165 jednol\u00f4\u017eok Radov\u00fd dom\u010dek 120 metrov od mora v tichej slepej ulici v dedinke La Ciaccia s miestom na spanie pre max. 7 os\u00f4b. Dom\u010dek m\u00e1 jednu man\u017eelsk\u00fa sp\u00e1l\u0148u s v\u00fdchodom na ve\u013ek\u00fa terasu s \u010diasto\u010dn\u00fdm v\u00fdh\u013eadom na more a z\u00e1padnou orient\u00e1ciou, \u010fal\u0161iu samostatn\u00fa mal\u00fa izbu s dvoma [&hellip;]<\/p>\n","protected":false},"author":1,"featured_media":0,"parent":0,"menu_order":0,"comment_status":"closed","ping_status":"closed","template":"","meta":{"_monsterinsights_skip_tracking":false,"footnotes":""},"yoast_head":"<!-- This site is optimized with the Yoast SEO plugin v22.3 - https:\/\/yoast.com\/wordpress\/plugins\/seo\/ -->\n<title>CASA MILA - LA CIACCIA - Rental Sardinia<\/title>\n<meta name=\"robots\" content=\"index, follow, max-snippet:-1, max-image-preview:large, max-video-preview:-1\" \/>\n<link rel=\"canonical\" href=\"https:\/\/www.rentalsardinia.com\/?page_id=32\" \/>\n<meta property=\"og:locale\" content=\"sk_SK\" \/>\n<meta property=\"og:type\" content=\"article\" \/>\n<meta property=\"og:title\" content=\"CASA MILA - LA CIACCIA - Rental Sardinia\" \/>\n<meta property=\"og:description\" content=\"Kapacita max. 7 os\u00f4b: jedna man\u017eelsk\u00e1 poste\u013e, p\u00e4\u0165 jednol\u00f4\u017eok Radov\u00fd dom\u010dek 120 metrov od mora v tichej slepej ulici v dedinke La Ciaccia s miestom na spanie pre max. 7 os\u00f4b. Dom\u010dek m\u00e1 jednu man\u017eelsk\u00fa sp\u00e1l\u0148u s v\u00fdchodom na ve\u013ek\u00fa terasu s \u010diasto\u010dn\u00fdm v\u00fdh\u013eadom na more a z\u00e1padnou orient\u00e1ciou, \u010fal\u0161iu samostatn\u00fa mal\u00fa izbu s dvoma [&hellip;]\" \/>\n<meta property=\"og:url\" content=\"https:\/\/www.rentalsardinia.com\/?page_id=32\" \/>\n<meta property=\"og:site_name\" content=\"Rental Sardinia\" \/>\n<meta property=\"article:modified_time\" content=\"2025-04-28T21:46:34+00:00\" \/>\n<meta property=\"og:image\" content=\"https:\/\/www.zivotprimori.sk\/wp-content\/uploads\/2024\/07\/PHOTO-2024-07-05-18-08-04-768x1024.jpg\" \/>\n<meta name=\"twitter:card\" content=\"summary_large_image\" \/>\n<meta name=\"twitter:label1\" content=\"Predpokladan\u00fd \u010das \u010d\u00edtania\" \/>\n\t<meta name=\"twitter:data1\" content=\"5 min\u00fat\" \/>\n<script type=\"application\/ld+json\" class=\"yoast-schema-graph\">{\"@context\":\"https:\/\/schema.org\",\"@graph\":[{\"@type\":\"WebPage\",\"@id\":\"https:\/\/www.rentalsardinia.com\/?page_id=32\",\"url\":\"https:\/\/www.rentalsardinia.com\/?page_id=32\",\"name\":\"CASA MILA - LA CIACCIA - Rental Sardinia\",\"isPartOf\":{\"@id\":\"https:\/\/www.rentalsardinia.com\/#website\"},\"primaryImageOfPage\":{\"@id\":\"https:\/\/www.rentalsardinia.com\/?page_id=32#primaryimage\"},\"image\":{\"@id\":\"https:\/\/www.rentalsardinia.com\/?page_id=32#primaryimage\"},\"thumbnailUrl\":\"https:\/\/www.zivotprimori.sk\/wp-content\/uploads\/2024\/07\/PHOTO-2024-07-05-18-08-04-768x1024.jpg\",\"datePublished\":\"2024-05-05T16:17:55+00:00\",\"dateModified\":\"2025-04-28T21:46:34+00:00\",\"breadcrumb\":{\"@id\":\"https:\/\/www.rentalsardinia.com\/?page_id=32#breadcrumb\"},\"inLanguage\":\"sk-SK\",\"potentialAction\":[{\"@type\":\"ReadAction\",\"target\":[\"https:\/\/www.rentalsardinia.com\/?page_id=32\"]}]},{\"@type\":\"ImageObject\",\"inLanguage\":\"sk-SK\",\"@id\":\"https:\/\/www.rentalsardinia.com\/?page_id=32#primaryimage\",\"url\":\"https:\/\/www.zivotprimori.sk\/wp-content\/uploads\/2024\/07\/PHOTO-2024-07-05-18-08-04-768x1024.jpg\",\"contentUrl\":\"https:\/\/www.zivotprimori.sk\/wp-content\/uploads\/2024\/07\/PHOTO-2024-07-05-18-08-04-768x1024.jpg\"},{\"@type\":\"BreadcrumbList\",\"@id\":\"https:\/\/www.rentalsardinia.com\/?page_id=32#breadcrumb\",\"itemListElement\":[{\"@type\":\"ListItem\",\"position\":1,\"name\":\"Home\",\"item\":\"https:\/\/www.rentalsardinia.com\/\"},{\"@type\":\"ListItem\",\"position\":2,\"name\":\"CASA MILA &#8211; LA CIACCIA\"}]},{\"@type\":\"WebSite\",\"@id\":\"https:\/\/www.rentalsardinia.com\/#website\",\"url\":\"https:\/\/www.rentalsardinia.com\/\",\"name\":\"Rental Sardinia\",\"description\":\"\",\"potentialAction\":[{\"@type\":\"SearchAction\",\"target\":{\"@type\":\"EntryPoint\",\"urlTemplate\":\"https:\/\/www.rentalsardinia.com\/?s={search_term_string}\"},\"query-input\":\"required name=search_term_string\"}],\"inLanguage\":\"sk-SK\"}]}<\/script>\n<!-- \/ Yoast SEO plugin. -->","yoast_head_json":{"title":"CASA MILA - LA CIACCIA - Rental Sardinia","robots":{"index":"index","follow":"follow","max-snippet":"max-snippet:-1","max-image-preview":"max-image-preview:large","max-video-preview":"max-video-preview:-1"},"canonical":"https:\/\/www.rentalsardinia.com\/?page_id=32","og_locale":"sk_SK","og_type":"article","og_title":"CASA MILA - LA CIACCIA - Rental Sardinia","og_description":"Kapacita max. 7 os\u00f4b: jedna man\u017eelsk\u00e1 poste\u013e, p\u00e4\u0165 jednol\u00f4\u017eok Radov\u00fd dom\u010dek 120 metrov od mora v tichej slepej ulici v dedinke La Ciaccia s miestom na spanie pre max. 7 os\u00f4b. Dom\u010dek m\u00e1 jednu man\u017eelsk\u00fa sp\u00e1l\u0148u s v\u00fdchodom na ve\u013ek\u00fa terasu s \u010diasto\u010dn\u00fdm v\u00fdh\u013eadom na more a z\u00e1padnou orient\u00e1ciou, \u010fal\u0161iu samostatn\u00fa mal\u00fa izbu s dvoma [&hellip;]","og_url":"https:\/\/www.rentalsardinia.com\/?page_id=32","og_site_name":"Rental Sardinia","article_modified_time":"2025-04-28T21:46:34+00:00","og_image":[{"url":"https:\/\/www.zivotprimori.sk\/wp-content\/uploads\/2024\/07\/PHOTO-2024-07-05-18-08-04-768x1024.jpg"}],"twitter_card":"summary_large_image","twitter_misc":{"Predpokladan\u00fd \u010das \u010d\u00edtania":"5 min\u00fat"},"schema":{"@context":"https:\/\/schema.org","@graph":[{"@type":"WebPage","@id":"https:\/\/www.rentalsardinia.com\/?page_id=32","url":"https:\/\/www.rentalsardinia.com\/?page_id=32","name":"CASA MILA - LA CIACCIA - Rental Sardinia","isPartOf":{"@id":"https:\/\/www.rentalsardinia.com\/#website"},"primaryImageOfPage":{"@id":"https:\/\/www.rentalsardinia.com\/?page_id=32#primaryimage"},"image":{"@id":"https:\/\/www.rentalsardinia.com\/?page_id=32#primaryimage"},"thumbnailUrl":"https:\/\/www.zivotprimori.sk\/wp-content\/uploads\/2024\/07\/PHOTO-2024-07-05-18-08-04-768x1024.jpg","datePublished":"2024-05-05T16:17:55+00:00","dateModified":"2025-04-28T21:46:34+00:00","breadcrumb":{"@id":"https:\/\/www.rentalsardinia.com\/?page_id=32#breadcrumb"},"inLanguage":"sk-SK","potentialAction":[{"@type":"ReadAction","target":["https:\/\/www.rentalsardinia.com\/?page_id=32"]}]},{"@type":"ImageObject","inLanguage":"sk-SK","@id":"https:\/\/www.rentalsardinia.com\/?page_id=32#primaryimage","url":"https:\/\/www.zivotprimori.sk\/wp-content\/uploads\/2024\/07\/PHOTO-2024-07-05-18-08-04-768x1024.jpg","contentUrl":"https:\/\/www.zivotprimori.sk\/wp-content\/uploads\/2024\/07\/PHOTO-2024-07-05-18-08-04-768x1024.jpg"},{"@type":"BreadcrumbList","@id":"https:\/\/www.rentalsardinia.com\/?page_id=32#breadcrumb","itemListElement":[{"@type":"ListItem","position":1,"name":"Home","item":"https:\/\/www.rentalsardinia.com\/"},{"@type":"ListItem","position":2,"name":"CASA MILA &#8211; LA CIACCIA"}]},{"@type":"WebSite","@id":"https:\/\/www.rentalsardinia.com\/#website","url":"https:\/\/www.rentalsardinia.com\/","name":"Rental Sardinia","description":"","potentialAction":[{"@type":"SearchAction","target":{"@type":"EntryPoint","urlTemplate":"https:\/\/www.rentalsardinia.com\/?s={search_term_string}"},"query-input":"required name=search_term_string"}],"inLanguage":"sk-SK"}]}},"_links":{"self":[{"href":"https:\/\/www.rentalsardinia.com\/index.php?rest_route=\/wp\/v2\/pages\/32"}],"collection":[{"href":"https:\/\/www.rentalsardinia.com\/index.php?rest_route=\/wp\/v2\/pages"}],"about":[{"href":"https:\/\/www.rentalsardinia.com\/index.php?rest_route=\/wp\/v2\/types\/page"}],"author":[{"embeddable":true,"href":"https:\/\/www.rentalsardinia.com\/index.php?rest_route=\/wp\/v2\/users\/1"}],"replies":[{"embeddable":true,"href":"https:\/\/www.rentalsardinia.com\/index.php?rest_route=%2Fwp%2Fv2%2Fcomments&post=32"}],"version-history":[{"count":6,"href":"https:\/\/www.rentalsardinia.com\/index.php?rest_route=\/wp\/v2\/pages\/32\/revisions"}],"predecessor-version":[{"id":222,"href":"https:\/\/www.rentalsardinia.com\/index.php?rest_route=\/wp\/v2\/pages\/32\/revisions\/222"}],"wp:attachment":[{"href":"https:\/\/www.rentalsardinia.com\/index.php?rest_route=%2Fwp%2Fv2%2Fmedia&parent=32"}],"curies":[{"name":"wp","href":"https:\/\/api.w.org\/{rel}","templated":true}]}}