{"id":178,"date":"2024-12-18T04:43:55","date_gmt":"2024-12-18T03:43:55","guid":{"rendered":"https:\/\/www.rentalsardinia.com\/?page_id=178"},"modified":"2024-12-19T13:46:43","modified_gmt":"2024-12-19T12:46:43","slug":"apartman-sa-tanca-valledoria","status":"publish","type":"page","link":"https:\/\/www.rentalsardinia.com\/?page_id=178","title":{"rendered":"Apartm\u00e1n Sa Tanca &#8211; Valledoria"},"content":{"rendered":"\n<p><strong>Kapacita max. 5 os\u00f4b<\/strong><\/p>\n\n\n\n<p>Na okraji meste\u010dka Valledoria v uzavretom are\u00e1li s kr\u00e1sne udr\u017eiavanou z\u00e1hradou pon\u00fakame na pren\u00e1jom komfortn\u00fd 2 sp\u00e1l\u0148ov\u00fd apartm\u00e1n s parkovac\u00edm miestom. Apartm\u00e1n sa nach\u00e1dza na prvom poschod\u00ed s balk\u00f3nom a pon\u00faka, ob\u00fdva\u010dku s kuchy\u0148ou, dve sp\u00e1lne, k\u00fapel\u0148u a balk\u00f3n. Sp\u00e1lne s\u00fa zariaden\u00e9 2x ma\u017eelskou poste\u013eou a v ob\u00fdva\u010dke je roz\u0165ahovac\u00ed gau\u010d pre \u010fal\u0161iu osobu. Vzdialenost od mora 1,2km, v pe\u0161ej dostupnosti obchody, re\u0161taur\u00e1cie a slu\u017eby meste\u010dka Valledoria. V lete prem\u00e1va pl\u00e1\u017eov\u00fd autobus, zast\u00e1vka 70m od apartm\u00e1nu. <\/p>\n\n\n\n<figure class=\"wp-block-gallery has-nested-images columns-default is-cropped wp-block-gallery-1 is-layout-flex wp-block-gallery-is-layout-flex\">\n<figure class=\"wp-block-image size-large\"><img loading=\"lazy\" decoding=\"async\" width=\"1024\" height=\"768\" data-id=\"184\" src=\"https:\/\/www.rentalsardinia.com\/wp-content\/uploads\/2024\/12\/balkon-1024x768.jpeg\" alt=\"\" class=\"wp-image-184\" srcset=\"https:\/\/www.rentalsardinia.com\/wp-content\/uploads\/2024\/12\/balkon-1024x768.jpeg 1024w, https:\/\/www.rentalsardinia.com\/wp-content\/uploads\/2024\/12\/balkon-300x225.jpeg 300w, https:\/\/www.rentalsardinia.com\/wp-content\/uploads\/2024\/12\/balkon-768x576.jpeg 768w, https:\/\/www.rentalsardinia.com\/wp-content\/uploads\/2024\/12\/balkon.jpeg 1200w\" sizes=\"(max-width: 1024px) 100vw, 1024px\" \/><\/figure>\n\n\n\n<figure class=\"wp-block-image size-large\"><img loading=\"lazy\" decoding=\"async\" width=\"1024\" height=\"768\" data-id=\"182\" src=\"https:\/\/www.rentalsardinia.com\/wp-content\/uploads\/2024\/12\/balkonn-1024x768.jpeg\" alt=\"\" class=\"wp-image-182\" srcset=\"https:\/\/www.rentalsardinia.com\/wp-content\/uploads\/2024\/12\/balkonn-1024x768.jpeg 1024w, https:\/\/www.rentalsardinia.com\/wp-content\/uploads\/2024\/12\/balkonn-300x225.jpeg 300w, https:\/\/www.rentalsardinia.com\/wp-content\/uploads\/2024\/12\/balkonn-768x576.jpeg 768w, https:\/\/www.rentalsardinia.com\/wp-content\/uploads\/2024\/12\/balkonn.jpeg 1200w\" sizes=\"(max-width: 1024px) 100vw, 1024px\" \/><\/figure>\n\n\n\n<figure class=\"wp-block-image size-large\"><img loading=\"lazy\" decoding=\"async\" width=\"1024\" height=\"768\" data-id=\"181\" src=\"https:\/\/www.rentalsardinia.com\/wp-content\/uploads\/2024\/12\/exterierr-1024x768.jpeg\" alt=\"\" class=\"wp-image-181\" srcset=\"https:\/\/www.rentalsardinia.com\/wp-content\/uploads\/2024\/12\/exterierr-1024x768.jpeg 1024w, https:\/\/www.rentalsardinia.com\/wp-content\/uploads\/2024\/12\/exterierr-300x225.jpeg 300w, https:\/\/www.rentalsardinia.com\/wp-content\/uploads\/2024\/12\/exterierr-768x576.jpeg 768w, https:\/\/www.rentalsardinia.com\/wp-content\/uploads\/2024\/12\/exterierr.jpeg 1200w\" sizes=\"(max-width: 1024px) 100vw, 1024px\" \/><\/figure>\n\n\n\n<figure class=\"wp-block-image size-large\"><img loading=\"lazy\" decoding=\"async\" width=\"960\" height=\"720\" data-id=\"179\" src=\"https:\/\/www.rentalsardinia.com\/wp-content\/uploads\/2024\/12\/kuchyna.jpeg\" alt=\"\" class=\"wp-image-179\" srcset=\"https:\/\/www.rentalsardinia.com\/wp-content\/uploads\/2024\/12\/kuchyna.jpeg 960w, https:\/\/www.rentalsardinia.com\/wp-content\/uploads\/2024\/12\/kuchyna-300x225.jpeg 300w, https:\/\/www.rentalsardinia.com\/wp-content\/uploads\/2024\/12\/kuchyna-768x576.jpeg 768w\" sizes=\"(max-width: 960px) 100vw, 960px\" \/><\/figure>\n\n\n\n<figure class=\"wp-block-image size-large\"><img loading=\"lazy\" decoding=\"async\" width=\"1024\" height=\"768\" data-id=\"180\" src=\"https:\/\/www.rentalsardinia.com\/wp-content\/uploads\/2024\/12\/kupelna-1024x768.jpeg\" alt=\"\" class=\"wp-image-180\" srcset=\"https:\/\/www.rentalsardinia.com\/wp-content\/uploads\/2024\/12\/kupelna-1024x768.jpeg 1024w, https:\/\/www.rentalsardinia.com\/wp-content\/uploads\/2024\/12\/kupelna-300x225.jpeg 300w, https:\/\/www.rentalsardinia.com\/wp-content\/uploads\/2024\/12\/kupelna-768x576.jpeg 768w, https:\/\/www.rentalsardinia.com\/wp-content\/uploads\/2024\/12\/kupelna.jpeg 1200w\" sizes=\"(max-width: 1024px) 100vw, 1024px\" \/><\/figure>\n\n\n\n<figure class=\"wp-block-image size-large\"><img loading=\"lazy\" decoding=\"async\" width=\"1024\" height=\"768\" data-id=\"186\" src=\"https:\/\/www.rentalsardinia.com\/wp-content\/uploads\/2024\/12\/obyvacka-1024x768.jpg\" alt=\"\" class=\"wp-image-186\" srcset=\"https:\/\/www.rentalsardinia.com\/wp-content\/uploads\/2024\/12\/obyvacka-1024x768.jpg 1024w, https:\/\/www.rentalsardinia.com\/wp-content\/uploads\/2024\/12\/obyvacka-300x225.jpg 300w, https:\/\/www.rentalsardinia.com\/wp-content\/uploads\/2024\/12\/obyvacka-768x576.jpg 768w, https:\/\/www.rentalsardinia.com\/wp-content\/uploads\/2024\/12\/obyvacka.jpg 1200w\" sizes=\"(max-width: 1024px) 100vw, 1024px\" \/><\/figure>\n\n\n\n<figure class=\"wp-block-image size-large\"><img loading=\"lazy\" decoding=\"async\" width=\"1024\" height=\"768\" data-id=\"187\" src=\"https:\/\/www.rentalsardinia.com\/wp-content\/uploads\/2024\/12\/parkovisko-1024x768.jpg\" alt=\"\" class=\"wp-image-187\" srcset=\"https:\/\/www.rentalsardinia.com\/wp-content\/uploads\/2024\/12\/parkovisko-1024x768.jpg 1024w, https:\/\/www.rentalsardinia.com\/wp-content\/uploads\/2024\/12\/parkovisko-300x225.jpg 300w, https:\/\/www.rentalsardinia.com\/wp-content\/uploads\/2024\/12\/parkovisko-768x576.jpg 768w, https:\/\/www.rentalsardinia.com\/wp-content\/uploads\/2024\/12\/parkovisko.jpg 1200w\" sizes=\"(max-width: 1024px) 100vw, 1024px\" \/><\/figure>\n\n\n\n<figure class=\"wp-block-image size-large\"><img loading=\"lazy\" decoding=\"async\" width=\"1024\" height=\"768\" data-id=\"185\" src=\"https:\/\/www.rentalsardinia.com\/wp-content\/uploads\/2024\/12\/spalna1-1024x768.jpg\" alt=\"\" class=\"wp-image-185\" srcset=\"https:\/\/www.rentalsardinia.com\/wp-content\/uploads\/2024\/12\/spalna1-1024x768.jpg 1024w, https:\/\/www.rentalsardinia.com\/wp-content\/uploads\/2024\/12\/spalna1-300x225.jpg 300w, https:\/\/www.rentalsardinia.com\/wp-content\/uploads\/2024\/12\/spalna1-768x576.jpg 768w, https:\/\/www.rentalsardinia.com\/wp-content\/uploads\/2024\/12\/spalna1.jpg 1200w\" sizes=\"(max-width: 1024px) 100vw, 1024px\" \/><\/figure>\n\n\n\n<figure class=\"wp-block-image size-large\"><img loading=\"lazy\" decoding=\"async\" width=\"1024\" height=\"768\" data-id=\"183\" src=\"https:\/\/www.rentalsardinia.com\/wp-content\/uploads\/2024\/12\/spalna2-1024x768.jpg\" alt=\"\" class=\"wp-image-183\" srcset=\"https:\/\/www.rentalsardinia.com\/wp-content\/uploads\/2024\/12\/spalna2-1024x768.jpg 1024w, https:\/\/www.rentalsardinia.com\/wp-content\/uploads\/2024\/12\/spalna2-300x225.jpg 300w, https:\/\/www.rentalsardinia.com\/wp-content\/uploads\/2024\/12\/spalna2-768x576.jpg 768w, https:\/\/www.rentalsardinia.com\/wp-content\/uploads\/2024\/12\/spalna2.jpg 1200w\" sizes=\"(max-width: 1024px) 100vw, 1024px\" \/><\/figure>\n<\/figure>\n\n\n\n<p><strong>CENN\u00cdK UBYTOVANIA<\/strong><\/p>\n\n\n\n<figure class=\"wp-block-table\"><table><tbody><tr><td>Top sez\u00f3na 20.7 \u2013 20.8.<\/td><td>Teplota 32\u00b0 more 26\u00b0<\/td><td>1000 \u20ac \/ t\u00fd\u017ede\u0148<\/td><\/tr><tr><td>Hlavn\u00e1 sez\u00f3na 1.7. \u2013 19.7. a 21.8 \u2013 10.9<\/td><td>Teplota 30\u00b0 more 25\u00b0<\/td><td>900 \u20ac \/ t\u00fd\u017ede\u0148<\/td><\/tr><\/tbody><\/table><\/figure>\n\n\n\n<p>Cena je kompletn\u00e1 vr\u00e1tane v\u0161etk\u00fdch poplatkov: upratovanie, da\u0148, posteln\u00e9 pr\u00e1dlo<\/p>\n","protected":false},"excerpt":{"rendered":"<p>Kapacita max. 5 os\u00f4b Na okraji meste\u010dka Valledoria v uzavretom are\u00e1li s kr\u00e1sne udr\u017eiavanou z\u00e1hradou pon\u00fakame na pren\u00e1jom komfortn\u00fd 2 sp\u00e1l\u0148ov\u00fd apartm\u00e1n s parkovac\u00edm miestom. Apartm\u00e1n sa nach\u00e1dza na prvom poschod\u00ed s balk\u00f3nom a pon\u00faka, ob\u00fdva\u010dku s kuchy\u0148ou, dve sp\u00e1lne, k\u00fapel\u0148u a balk\u00f3n. Sp\u00e1lne s\u00fa zariaden\u00e9 2x ma\u017eelskou poste\u013eou a v ob\u00fdva\u010dke je roz\u0165ahovac\u00ed gau\u010d [&hellip;]<\/p>\n","protected":false},"author":1,"featured_media":0,"parent":0,"menu_order":0,"comment_status":"closed","ping_status":"closed","template":"","meta":{"_monsterinsights_skip_tracking":false,"footnotes":""},"yoast_head":"<!-- This site is optimized with the Yoast SEO plugin v22.3 - https:\/\/yoast.com\/wordpress\/plugins\/seo\/ -->\n<title>Apartm\u00e1n Sa Tanca - Valledoria - Rental Sardinia<\/title>\n<meta name=\"robots\" content=\"index, follow, max-snippet:-1, max-image-preview:large, max-video-preview:-1\" \/>\n<link rel=\"canonical\" href=\"https:\/\/www.rentalsardinia.com\/?page_id=178\" \/>\n<meta property=\"og:locale\" content=\"sk_SK\" \/>\n<meta property=\"og:type\" content=\"article\" \/>\n<meta property=\"og:title\" content=\"Apartm\u00e1n Sa Tanca - Valledoria - Rental Sardinia\" \/>\n<meta property=\"og:description\" content=\"Kapacita max. 5 os\u00f4b Na okraji meste\u010dka Valledoria v uzavretom are\u00e1li s kr\u00e1sne udr\u017eiavanou z\u00e1hradou pon\u00fakame na pren\u00e1jom komfortn\u00fd 2 sp\u00e1l\u0148ov\u00fd apartm\u00e1n s parkovac\u00edm miestom. Apartm\u00e1n sa nach\u00e1dza na prvom poschod\u00ed s balk\u00f3nom a pon\u00faka, ob\u00fdva\u010dku s kuchy\u0148ou, dve sp\u00e1lne, k\u00fapel\u0148u a balk\u00f3n. Sp\u00e1lne s\u00fa zariaden\u00e9 2x ma\u017eelskou poste\u013eou a v ob\u00fdva\u010dke je roz\u0165ahovac\u00ed gau\u010d [&hellip;]\" \/>\n<meta property=\"og:url\" content=\"https:\/\/www.rentalsardinia.com\/?page_id=178\" \/>\n<meta property=\"og:site_name\" content=\"Rental Sardinia\" \/>\n<meta property=\"article:modified_time\" content=\"2024-12-19T12:46:43+00:00\" \/>\n<meta property=\"og:image\" content=\"https:\/\/www.rentalsardinia.com\/wp-content\/uploads\/2024\/12\/balkon-1024x768.jpeg\" \/>\n<meta name=\"twitter:card\" content=\"summary_large_image\" \/>\n<meta name=\"twitter:label1\" content=\"Predpokladan\u00fd \u010das \u010d\u00edtania\" \/>\n\t<meta name=\"twitter:data1\" content=\"3 min\u00faty\" \/>\n<script type=\"application\/ld+json\" class=\"yoast-schema-graph\">{\"@context\":\"https:\/\/schema.org\",\"@graph\":[{\"@type\":\"WebPage\",\"@id\":\"https:\/\/www.rentalsardinia.com\/?page_id=178\",\"url\":\"https:\/\/www.rentalsardinia.com\/?page_id=178\",\"name\":\"Apartm\u00e1n Sa Tanca - Valledoria - Rental Sardinia\",\"isPartOf\":{\"@id\":\"https:\/\/www.rentalsardinia.com\/#website\"},\"primaryImageOfPage\":{\"@id\":\"https:\/\/www.rentalsardinia.com\/?page_id=178#primaryimage\"},\"image\":{\"@id\":\"https:\/\/www.rentalsardinia.com\/?page_id=178#primaryimage\"},\"thumbnailUrl\":\"https:\/\/www.rentalsardinia.com\/wp-content\/uploads\/2024\/12\/balkon-1024x768.jpeg\",\"datePublished\":\"2024-12-18T03:43:55+00:00\",\"dateModified\":\"2024-12-19T12:46:43+00:00\",\"breadcrumb\":{\"@id\":\"https:\/\/www.rentalsardinia.com\/?page_id=178#breadcrumb\"},\"inLanguage\":\"sk-SK\",\"potentialAction\":[{\"@type\":\"ReadAction\",\"target\":[\"https:\/\/www.rentalsardinia.com\/?page_id=178\"]}]},{\"@type\":\"ImageObject\",\"inLanguage\":\"sk-SK\",\"@id\":\"https:\/\/www.rentalsardinia.com\/?page_id=178#primaryimage\",\"url\":\"https:\/\/www.rentalsardinia.com\/wp-content\/uploads\/2024\/12\/balkon.jpeg\",\"contentUrl\":\"https:\/\/www.rentalsardinia.com\/wp-content\/uploads\/2024\/12\/balkon.jpeg\",\"width\":1200,\"height\":900},{\"@type\":\"BreadcrumbList\",\"@id\":\"https:\/\/www.rentalsardinia.com\/?page_id=178#breadcrumb\",\"itemListElement\":[{\"@type\":\"ListItem\",\"position\":1,\"name\":\"Home\",\"item\":\"https:\/\/www.rentalsardinia.com\/\"},{\"@type\":\"ListItem\",\"position\":2,\"name\":\"Apartm\u00e1n Sa Tanca &#8211; Valledoria\"}]},{\"@type\":\"WebSite\",\"@id\":\"https:\/\/www.rentalsardinia.com\/#website\",\"url\":\"https:\/\/www.rentalsardinia.com\/\",\"name\":\"Rental Sardinia\",\"description\":\"\",\"potentialAction\":[{\"@type\":\"SearchAction\",\"target\":{\"@type\":\"EntryPoint\",\"urlTemplate\":\"https:\/\/www.rentalsardinia.com\/?s={search_term_string}\"},\"query-input\":\"required name=search_term_string\"}],\"inLanguage\":\"sk-SK\"}]}<\/script>\n<!-- \/ Yoast SEO plugin. -->","yoast_head_json":{"title":"Apartm\u00e1n Sa Tanca - Valledoria - Rental Sardinia","robots":{"index":"index","follow":"follow","max-snippet":"max-snippet:-1","max-image-preview":"max-image-preview:large","max-video-preview":"max-video-preview:-1"},"canonical":"https:\/\/www.rentalsardinia.com\/?page_id=178","og_locale":"sk_SK","og_type":"article","og_title":"Apartm\u00e1n Sa Tanca - Valledoria - Rental Sardinia","og_description":"Kapacita max. 5 os\u00f4b Na okraji meste\u010dka Valledoria v uzavretom are\u00e1li s kr\u00e1sne udr\u017eiavanou z\u00e1hradou pon\u00fakame na pren\u00e1jom komfortn\u00fd 2 sp\u00e1l\u0148ov\u00fd apartm\u00e1n s parkovac\u00edm miestom. Apartm\u00e1n sa nach\u00e1dza na prvom poschod\u00ed s balk\u00f3nom a pon\u00faka, ob\u00fdva\u010dku s kuchy\u0148ou, dve sp\u00e1lne, k\u00fapel\u0148u a balk\u00f3n. Sp\u00e1lne s\u00fa zariaden\u00e9 2x ma\u017eelskou poste\u013eou a v ob\u00fdva\u010dke je roz\u0165ahovac\u00ed gau\u010d [&hellip;]","og_url":"https:\/\/www.rentalsardinia.com\/?page_id=178","og_site_name":"Rental Sardinia","article_modified_time":"2024-12-19T12:46:43+00:00","og_image":[{"url":"https:\/\/www.rentalsardinia.com\/wp-content\/uploads\/2024\/12\/balkon-1024x768.jpeg"}],"twitter_card":"summary_large_image","twitter_misc":{"Predpokladan\u00fd \u010das \u010d\u00edtania":"3 min\u00faty"},"schema":{"@context":"https:\/\/schema.org","@graph":[{"@type":"WebPage","@id":"https:\/\/www.rentalsardinia.com\/?page_id=178","url":"https:\/\/www.rentalsardinia.com\/?page_id=178","name":"Apartm\u00e1n Sa Tanca - Valledoria - Rental Sardinia","isPartOf":{"@id":"https:\/\/www.rentalsardinia.com\/#website"},"primaryImageOfPage":{"@id":"https:\/\/www.rentalsardinia.com\/?page_id=178#primaryimage"},"image":{"@id":"https:\/\/www.rentalsardinia.com\/?page_id=178#primaryimage"},"thumbnailUrl":"https:\/\/www.rentalsardinia.com\/wp-content\/uploads\/2024\/12\/balkon-1024x768.jpeg","datePublished":"2024-12-18T03:43:55+00:00","dateModified":"2024-12-19T12:46:43+00:00","breadcrumb":{"@id":"https:\/\/www.rentalsardinia.com\/?page_id=178#breadcrumb"},"inLanguage":"sk-SK","potentialAction":[{"@type":"ReadAction","target":["https:\/\/www.rentalsardinia.com\/?page_id=178"]}]},{"@type":"ImageObject","inLanguage":"sk-SK","@id":"https:\/\/www.rentalsardinia.com\/?page_id=178#primaryimage","url":"https:\/\/www.rentalsardinia.com\/wp-content\/uploads\/2024\/12\/balkon.jpeg","contentUrl":"https:\/\/www.rentalsardinia.com\/wp-content\/uploads\/2024\/12\/balkon.jpeg","width":1200,"height":900},{"@type":"BreadcrumbList","@id":"https:\/\/www.rentalsardinia.com\/?page_id=178#breadcrumb","itemListElement":[{"@type":"ListItem","position":1,"name":"Home","item":"https:\/\/www.rentalsardinia.com\/"},{"@type":"ListItem","position":2,"name":"Apartm\u00e1n Sa Tanca &#8211; Valledoria"}]},{"@type":"WebSite","@id":"https:\/\/www.rentalsardinia.com\/#website","url":"https:\/\/www.rentalsardinia.com\/","name":"Rental Sardinia","description":"","potentialAction":[{"@type":"SearchAction","target":{"@type":"EntryPoint","urlTemplate":"https:\/\/www.rentalsardinia.com\/?s={search_term_string}"},"query-input":"required name=search_term_string"}],"inLanguage":"sk-SK"}]}},"_links":{"self":[{"href":"https:\/\/www.rentalsardinia.com\/index.php?rest_route=\/wp\/v2\/pages\/178"}],"collection":[{"href":"https:\/\/www.rentalsardinia.com\/index.php?rest_route=\/wp\/v2\/pages"}],"about":[{"href":"https:\/\/www.rentalsardinia.com\/index.php?rest_route=\/wp\/v2\/types\/page"}],"author":[{"embeddable":true,"href":"https:\/\/www.rentalsardinia.com\/index.php?rest_route=\/wp\/v2\/users\/1"}],"replies":[{"embeddable":true,"href":"https:\/\/www.rentalsardinia.com\/index.php?rest_route=%2Fwp%2Fv2%2Fcomments&post=178"}],"version-history":[{"count":3,"href":"https:\/\/www.rentalsardinia.com\/index.php?rest_route=\/wp\/v2\/pages\/178\/revisions"}],"predecessor-version":[{"id":200,"href":"https:\/\/www.rentalsardinia.com\/index.php?rest_route=\/wp\/v2\/pages\/178\/revisions\/200"}],"wp:attachment":[{"href":"https:\/\/www.rentalsardinia.com\/index.php?rest_route=%2Fwp%2Fv2%2Fmedia&parent=178"}],"curies":[{"name":"wp","href":"https:\/\/api.w.org\/{rel}","templated":true}]}}